{"id":62,"date":"2020-03-18T14:54:39","date_gmt":"2020-03-18T13:54:39","guid":{"rendered":"http:\/\/spd-groetzingen.de\/?page_id=62"},"modified":"2024-06-12T11:16:55","modified_gmt":"2024-06-12T09:16:55","slug":"themen","status":"publish","type":"page","link":"https:\/\/spd-groetzingen.de\/?page_id=62","title":{"rendered":"Themen f\u00fcr ein soziales Gr\u00f6tzingen"},"content":{"rendered":"\n<p>Zum vollst\u00e4ndigen Wahlprogramm 2024 gelangen Sie <a href=\"https:\/\/spd-groetzingen.de\/?p=585\" data-type=\"post\" data-id=\"585\">hier.<\/a><\/p>\n\n\n\n<hr class=\"wp-block-separator has-css-opacity is-style-wide\"\/>\n\n\n\n<figure class=\"wp-block-gallery has-nested-images columns-default is-cropped wp-block-gallery-1 is-layout-flex wp-block-gallery-is-layout-flex\">\n<figure class=\"wp-block-image size-large\"><img loading=\"lazy\" decoding=\"async\" width=\"1024\" height=\"1024\" data-id=\"749\" src=\"https:\/\/spd-groetzingen.de\/wp-content\/uploads\/2024\/06\/danke-1024x1024.jpg\" alt=\"\" class=\"wp-image-749\" srcset=\"https:\/\/spd-groetzingen.de\/wp-content\/uploads\/2024\/06\/danke-1024x1024.jpg 1024w, https:\/\/spd-groetzingen.de\/wp-content\/uploads\/2024\/06\/danke-300x300.jpg 300w, https:\/\/spd-groetzingen.de\/wp-content\/uploads\/2024\/06\/danke-150x150.jpg 150w, https:\/\/spd-groetzingen.de\/wp-content\/uploads\/2024\/06\/danke-768x768.jpg 768w, https:\/\/spd-groetzingen.de\/wp-content\/uploads\/2024\/06\/danke.jpg 1080w\" sizes=\"auto, (max-width: 709px) 85vw, (max-width: 909px) 67vw, (max-width: 1362px) 62vw, 840px\" \/><\/figure>\n<\/figure>\n\n\n\n<h4 class=\"wp-block-heading\">Gr\u00f6tzingen: Gestern. Heute. Morgen! SPD<\/h4>\n\n\n\n<p>Liebe Gr\u00f6tzingerinnen, liebe Gr\u00f6tzinger,<\/p>\n\n\n\n<p>wir stehen f\u00fcr eine kluge inhaltliche Politik, wie z.B. transparente Entscheidungsprozesse, verl\u00e4ssliche Kinderbetreuung oder eine gute Bildung f\u00fcr alle. Wir stellen uns gegen den Rechtsruck, um als Gesellschaft engagiert daf\u00fcr zu k\u00e4mpfen, dass unsere Demokratie bestehen bleibt!<\/p>\n\n\n\n<p>Gemeinsam mit <strong>Karen E\u00dfrich<\/strong> wollen wir auch in Zukunft Gr\u00f6tzingen als lebens- und liebenswerten Ort erhalten und weiterentwickeln.<\/p>\n\n\n\n<p><\/p>\n\n\n\n<p>Wir setzen uns ein f\u00fcr<\/p>\n\n\n\n<ul class=\"wp-block-list\">\n<li>eine verl\u00e4ssliche Kinderbetreuung und eine gute Schule<\/li>\n\n\n\n<li>soziale Wohnraum- und Sanierungskonzepte<\/li>\n\n\n\n<li>Infrastrukturma\u00dfnahmen f\u00fcr Familien &amp; Seniorinnen und Senioren<\/li>\n\n\n\n<li>ein vitales und barrierefreies Leben in unserem Ort<\/li>\n\n\n\n<li>Strukturen, die Menschen mit Beeintr\u00e4chtigungen gleiche Teilhabe erm\u00f6glichen<\/li>\n\n\n\n<li>ein Leben f\u00fcr Menschen mit Migrationsgeschichte ohne Angst und Ausgrenzung<\/li>\n\n\n\n<li>f\u00fcr einen flexiblen \u00d6PNV<\/li>\n\n\n\n<li>Klimaschutzprojekte, die unseren Lebensraum erhalten<\/li>\n\n\n\n<li>bezahlbares Heizen mit regenerativer Energie<\/li>\n\n\n\n<li>f\u00fcr eine gut ausgebaute E-Ladeinfrastruktur<\/li>\n\n\n\n<li>die Unterst\u00fctzung der Gr\u00f6tzinger Kulturschaffenden<\/li>\n\n\n\n<li>die F\u00f6rderung von ehrenamtlichem Engagement<\/li>\n\n\n\n<li>die Vielfalt der Gr\u00f6tzinger Vereinskultur<\/li>\n\n\n\n<li>B\u00fcrgerbeteiligung und transparente unb\u00fcrokratische Entscheidungen<\/li>\n\n\n\n<li>einen st\u00e4rkeren Ortschaftsrat mit mehr Entscheidungsrechten<\/li>\n<\/ul>\n\n\n\n<hr class=\"wp-block-separator has-css-opacity\"\/>\n","protected":false},"excerpt":{"rendered":"<p>Zum vollst\u00e4ndigen Wahlprogramm 2024 gelangen Sie hier. Gr\u00f6tzingen: Gestern. Heute. Morgen! SPD Liebe Gr\u00f6tzingerinnen, liebe Gr\u00f6tzinger, wir stehen f\u00fcr eine kluge inhaltliche Politik, wie z.B. transparente Entscheidungsprozesse, verl\u00e4ssliche Kinderbetreuung oder &hellip; <a href=\"https:\/\/spd-groetzingen.de\/?page_id=62\" class=\"more-link\"><span class=\"screen-reader-text\">\u201eThemen f\u00fcr ein soziales Gr\u00f6tzingen\u201c <\/span>weiterlesen<\/a><\/p>\n","protected":false},"author":1,"featured_media":0,"parent":0,"menu_order":0,"comment_status":"closed","ping_status":"closed","template":"","meta":{"footnotes":""},"class_list":["post-62","page","type-page","status-publish","hentry"],"_links":{"self":[{"href":"https:\/\/spd-groetzingen.de\/index.php?rest_route=\/wp\/v2\/pages\/62","targetHints":{"allow":["GET"]}}],"collection":[{"href":"https:\/\/spd-groetzingen.de\/index.php?rest_route=\/wp\/v2\/pages"}],"about":[{"href":"https:\/\/spd-groetzingen.de\/index.php?rest_route=\/wp\/v2\/types\/page"}],"author":[{"embeddable":true,"href":"https:\/\/spd-groetzingen.de\/index.php?rest_route=\/wp\/v2\/users\/1"}],"replies":[{"embeddable":true,"href":"https:\/\/spd-groetzingen.de\/index.php?rest_route=%2Fwp%2Fv2%2Fcomments&post=62"}],"version-history":[{"count":7,"href":"https:\/\/spd-groetzingen.de\/index.php?rest_route=\/wp\/v2\/pages\/62\/revisions"}],"predecessor-version":[{"id":753,"href":"https:\/\/spd-groetzingen.de\/index.php?rest_route=\/wp\/v2\/pages\/62\/revisions\/753"}],"wp:attachment":[{"href":"https:\/\/spd-groetzingen.de\/index.php?rest_route=%2Fwp%2Fv2%2Fmedia&parent=62"}],"curies":[{"name":"wp","href":"https:\/\/api.w.org\/{rel}","templated":true}]}}